{"id":5018,"date":"2011-03-09T08:25:45","date_gmt":"2011-03-09T07:25:45","guid":{"rendered":"https:\/\/www.generaleprefabbricatispa.com\/realizzazioni\/chantier-poutres-porto-empedocle\/"},"modified":"2017-08-08T11:50:22","modified_gmt":"2017-08-08T09:50:22","slug":"chantier-poutres-porto-empedocle","status":"publish","type":"dt_portfolio","link":"https:\/\/www.generaleprefabbricatispa.com\/fr\/realisations\/chantier-poutres-porto-empedocle\/","title":{"rendered":"CHANTIER POUTRES \u201cPORTO EMPEDOCLE\u201d"},"content":{"rendered":"<p>La commande confi\u00e9e \u00e0 la Soci\u00e9t\u00e9 du Projet EMPEDOCLE S.c.p.a.\u00a0 \u00e0 l&#8217;Association Temporaire des Entreprises parmi lesquelles Generale Prefabbricati Spa entreprise t\u00eate de groupe et GED Srl, a requis l&#8217;installation d&#8217;un chantier de poutres \u00e0 pied d&#8217;\u0153uvre pour la production d&#8217;\u00e9l\u00e9ments d&#8217;une longueur allant jusqu&#8217;\u00e0 46 m.<\/p>\n<p>Le chantier poutres pour la &#8220;coul\u00e9e sur place&#8221; r\u00e9alise des poutres pr\u00e9fabriqu\u00e9es pour l&#8217;ouvrage d&#8217;ajustement \u00e0 quatre voies de la Route Nationale SS 640 de &#8220;Porto Empedocle&#8221;, itin\u00e9raire Agrigento \u2013 \u00a0Caltanisetta, premi\u00e8re parcelle du km 9+800 au km\u00a044+400.<\/p>\n<p>Le projet pr\u00e9voit l&#8217;emploi de 650\u00a0ml de poutres en c.a.p. avec une section en I\u00a0et\u00a0de 6.360 ml de poutres en c.a.p. \u00e0 caisson avec section en\u00a0\u00a0V.\u00a0 L\u2019ouvrage comprend, \u00a0apr\u00e8s le lancement, m\u00eame les op\u00e9rations de post-tension pour la mise en\u00a0continuit\u00e9 des tabliers.<\/p>\n","protected":false},"excerpt":{"rendered":"<p>La commande confi\u00e9e \u00e0 la Soci\u00e9t\u00e9 du Projet EMPEDOCLE S.c.p.a.\u00a0 \u00e0 l&#8217;Association Temporaire des Entreprises parmi lesquelles Generale Prefabbricati Spa entreprise t\u00eate de groupe et GED Srl, a requis l&#8217;installation d&#8217;un chantier de poutres \u00e0 pied d&#8217;\u0153uvre pour la production d&#8217;\u00e9l\u00e9ments d&#8217;une longueur allant jusqu&#8217;\u00e0 46 m. Le chantier poutres pour la &#8220;coul\u00e9e sur place&#8221;&hellip;<\/p>\n","protected":false},"author":17,"featured_media":3773,"template":"","dt_portfolio_category":[38],"dt_portfolio_tags":[],"class_list":["post-5018","dt_portfolio","type-dt_portfolio","status-publish","has-post-thumbnail","hentry","dt_portfolio_category-infrastructures","dt_portfolio_category-38","description-off"],"_links":{"self":[{"href":"https:\/\/www.generaleprefabbricatispa.com\/fr\/wp-json\/wp\/v2\/dt_portfolio\/5018","targetHints":{"allow":["GET"]}}],"collection":[{"href":"https:\/\/www.generaleprefabbricatispa.com\/fr\/wp-json\/wp\/v2\/dt_portfolio"}],"about":[{"href":"https:\/\/www.generaleprefabbricatispa.com\/fr\/wp-json\/wp\/v2\/types\/dt_portfolio"}],"author":[{"embeddable":true,"href":"https:\/\/www.generaleprefabbricatispa.com\/fr\/wp-json\/wp\/v2\/users\/17"}],"version-history":[{"count":0,"href":"https:\/\/www.generaleprefabbricatispa.com\/fr\/wp-json\/wp\/v2\/dt_portfolio\/5018\/revisions"}],"wp:featuredmedia":[{"embeddable":true,"href":"https:\/\/www.generaleprefabbricatispa.com\/fr\/wp-json\/wp\/v2\/media\/3773"}],"wp:attachment":[{"href":"https:\/\/www.generaleprefabbricatispa.com\/fr\/wp-json\/wp\/v2\/media?parent=5018"}],"wp:term":[{"taxonomy":"dt_portfolio_category","embeddable":true,"href":"https:\/\/www.generaleprefabbricatispa.com\/fr\/wp-json\/wp\/v2\/dt_portfolio_category?post=5018"},{"taxonomy":"dt_portfolio_tags","embeddable":true,"href":"https:\/\/www.generaleprefabbricatispa.com\/fr\/wp-json\/wp\/v2\/dt_portfolio_tags?post=5018"}],"curies":[{"name":"wp","href":"https:\/\/api.w.org\/{rel}","templated":true}]}}