{"id":5021,"date":"2011-03-03T17:56:18","date_gmt":"2011-03-03T16:56:18","guid":{"rendered":"https:\/\/www.generaleprefabbricatispa.com\/realizzazioni\/centre-commercial-latorre\/"},"modified":"2011-03-03T17:56:18","modified_gmt":"2011-03-03T16:56:18","slug":"centre-commercial-latorre","status":"publish","type":"dt_portfolio","link":"https:\/\/www.generaleprefabbricatispa.com\/fr\/realisations\/centre-commercial-latorre\/","title":{"rendered":"CENTRE COMMERCIAL \u201cLATORRE\u201d"},"content":{"rendered":"<p>GENERALE PREFABBRICATI\u00a0s&#8217;est investie de fa\u00e7on consid\u00e9rable dans la r\u00e9alisation de plus de vingt-quatre mille m\u00e8tres carr\u00e9s de structure pr\u00e9fabriqu\u00e9e complexe et de panneaux de rev\u00eatement avec finition en briques qui sont le r\u00e9sultat d&#8217;un grand travail d&#8217;ing\u00e9nierie, de capacit\u00e9, de savoir productif et logistique. Tous les \u00e9l\u00e9ments pr\u00e9fabriqu\u00e9s produits dans l&#8217;usine de San Salvo en Abruzzes ont \u00e9t\u00e9 exp\u00e9di\u00e9s en bateaux \u00e0 Palerme, \u00e0 Torre Ingastone o\u00f9 ils ont \u00e9t\u00e9 mont\u00e9s, toujours par Generale Prefabbricati, pour la r\u00e9alisation du centre commercial &#8220;Torre&#8221; qui abrite cinquante magasins, parmi lesquels le deuxi\u00e8me Ipercoop de Palerme, six restaurants, mille sept cent places de parking et bien d&#8217;autres services encore.<\/p>\n<p>L&#8217;ouvrage con\u00e7u par la Studio Ciamarra &amp; Associati de Naples, s&#8217;ins\u00e8re harmonieusement dans le paysage environnant. L&#8217;installation photovolta\u00efque r\u00e9alis\u00e9e permet d&#8217;alimenter tout le centre commercial permettant des \u00e9conomies importantes et un abattement des \u00e9missions.<\/p>\n","protected":false},"excerpt":{"rendered":"<p>GENERALE PREFABBRICATI\u00a0s&#8217;est investie de fa\u00e7on consid\u00e9rable dans la r\u00e9alisation de plus de vingt-quatre mille m\u00e8tres carr\u00e9s de structure pr\u00e9fabriqu\u00e9e complexe et de panneaux de rev\u00eatement avec finition en briques qui sont le r\u00e9sultat d&#8217;un grand travail d&#8217;ing\u00e9nierie, de capacit\u00e9, de savoir productif et logistique. Tous les \u00e9l\u00e9ments pr\u00e9fabriqu\u00e9s produits dans l&#8217;usine de San Salvo en&hellip;<\/p>\n","protected":false},"author":17,"featured_media":3755,"template":"","dt_portfolio_category":[36],"dt_portfolio_tags":[],"class_list":["post-5021","dt_portfolio","type-dt_portfolio","status-publish","has-post-thumbnail","hentry","dt_portfolio_category-construction-industrialisee","dt_portfolio_category-36","description-off"],"_links":{"self":[{"href":"https:\/\/www.generaleprefabbricatispa.com\/fr\/wp-json\/wp\/v2\/dt_portfolio\/5021","targetHints":{"allow":["GET"]}}],"collection":[{"href":"https:\/\/www.generaleprefabbricatispa.com\/fr\/wp-json\/wp\/v2\/dt_portfolio"}],"about":[{"href":"https:\/\/www.generaleprefabbricatispa.com\/fr\/wp-json\/wp\/v2\/types\/dt_portfolio"}],"author":[{"embeddable":true,"href":"https:\/\/www.generaleprefabbricatispa.com\/fr\/wp-json\/wp\/v2\/users\/17"}],"version-history":[{"count":0,"href":"https:\/\/www.generaleprefabbricatispa.com\/fr\/wp-json\/wp\/v2\/dt_portfolio\/5021\/revisions"}],"wp:featuredmedia":[{"embeddable":true,"href":"https:\/\/www.generaleprefabbricatispa.com\/fr\/wp-json\/wp\/v2\/media\/3755"}],"wp:attachment":[{"href":"https:\/\/www.generaleprefabbricatispa.com\/fr\/wp-json\/wp\/v2\/media?parent=5021"}],"wp:term":[{"taxonomy":"dt_portfolio_category","embeddable":true,"href":"https:\/\/www.generaleprefabbricatispa.com\/fr\/wp-json\/wp\/v2\/dt_portfolio_category?post=5021"},{"taxonomy":"dt_portfolio_tags","embeddable":true,"href":"https:\/\/www.generaleprefabbricatispa.com\/fr\/wp-json\/wp\/v2\/dt_portfolio_tags?post=5021"}],"curies":[{"name":"wp","href":"https:\/\/api.w.org\/{rel}","templated":true}]}}